{"id":766,"date":"2020-03-13T00:48:41","date_gmt":"2020-03-12T23:48:41","guid":{"rendered":"http:\/\/location-le-touquet.fr\/?page_id=766"},"modified":"2021-10-17T21:07:58","modified_gmt":"2021-10-17T19:07:58","slug":"le-touquet-2","status":"publish","type":"page","link":"https:\/\/location-le-touquet.fr\/index.php\/le-touquet-2\/","title":{"rendered":"LE TOUQUET"},"content":{"rendered":"<p>[et_pb_section fb_built=\u00a0\u00bb1&Prime; admin_label=\u00a0\u00bbHeader\u00a0\u00bb _builder_version=\u00a0\u00bb3.8.1&Prime; use_background_color_gradient=\u00a0\u00bbon\u00a0\u00bb background_color_gradient_start=\u00a0\u00bbrgba(255,255,255,0.89)\u00a0\u00bb background_color_gradient_end=\u00a0\u00bbrgba(255,255,255,0)\u00a0\u00bb background_color_gradient_type=\u00a0\u00bbradial\u00a0\u00bb background_color_gradient_direction_radial=\u00a0\u00bbtop left\u00a0\u00bb background_color_gradient_start_position=\u00a0\u00bb30%\u00a0\u00bb background_color_gradient_end_position=\u00a0\u00bb80%\u00a0\u00bb background_color_gradient_overlays_image=\u00a0\u00bbon\u00a0\u00bb background_image=\u00a0\u00bbhttp:\/\/location-le-touquet.fr\/wp-content\/uploads\/2020\/03\/grand-bleu-2-scaled.jpeg\u00a0\u00bb custom_margin=\u00a0\u00bb|||\u00a0\u00bb custom_padding=\u00a0\u00bb8vw||8vw||true\u00a0\u00bb][et_pb_row _builder_version=\u00a0\u00bb3.13&Prime;][et_pb_column type=\u00a0\u00bb4_4&Prime; _builder_version=\u00a0\u00bb3.12.2&Prime; parallax=\u00a0\u00bboff\u00a0\u00bb parallax_method=\u00a0\u00bbon\u00a0\u00bb][et_pb_text _builder_version=\u00a0\u00bb3.8.1&Prime; text_font=\u00a0\u00bb||||||||\u00a0\u00bb header_font=\u00a0\u00bbRaleway|700|||||||\u00a0\u00bb header_font_size=\u00a0\u00bb80px\u00a0\u00bb header_font_size_tablet=\u00a0\u00bb48px\u00a0\u00bb header_font_size_phone=\u00a0\u00bb32px\u00a0\u00bb header_font_size_last_edited=\u00a0\u00bbon|phone\u00a0\u00bb header_line_height=\u00a0\u00bb1.2em\u00a0\u00bb header_5_font=\u00a0\u00bbRaleway|700||on|||||\u00a0\u00bb header_5_text_color=\u00a0\u00bb#000000&Prime; header_5_font_size=\u00a0\u00bb20px\u00a0\u00bb header_5_font_size_tablet=\u00a0\u00bb14px\u00a0\u00bb header_5_font_size_phone=\u00a0\u00bb12px\u00a0\u00bb header_5_font_size_last_edited=\u00a0\u00bbon|desktop\u00a0\u00bb header_5_letter_spacing=\u00a0\u00bb0.5em\u00a0\u00bb header_5_line_height=\u00a0\u00bb1.8em\u00a0\u00bb animation_style=\u00a0\u00bbzoom\u00a0\u00bb animation_intensity_zoom=\u00a0\u00bb5%\u00a0\u00bb]<\/p>\n<h5>LE TOUQUET PARIS PLAGE<\/h5>\n<h1>Localisation<\/h1>\n<p>[\/et_pb_text][\/et_pb_column][\/et_pb_row][\/et_pb_section][et_pb_section fb_built=\u00a0\u00bb1&Prime; _builder_version=\u00a0\u00bb3.8.1&Prime; custom_padding=\u00a0\u00bb54px|0px|0|0px|false|false\u00a0\u00bb][et_pb_row _builder_version=\u00a0\u00bb3.8.1&Prime;][et_pb_column type=\u00a0\u00bb4_4&Prime; _builder_version=\u00a0\u00bb3.8.1&Prime; parallax=\u00a0\u00bboff\u00a0\u00bb parallax_method=\u00a0\u00bbon\u00a0\u00bb][et_pb_text _builder_version=\u00a0\u00bb3.8.1&Prime;]<\/p>\n<h5 class=\"_2cuy _3dgx _2vxa\">Situ\u00e9e \u00e0 2 heures de Paris, arriv\u00e9e par l\u2019autoroute A16, sortie 26 vers Le Touquet-Paris-Plage. Accessible en train, la gare d\u2019Etaples est situ\u00e9e \u00e0 5 kilom\u00e8tres. L\u2019a\u00e9roport du Touquet se situe \u00e0 3 kilom\u00e8tres.<\/h5>\n<p>[\/et_pb_text][\/et_pb_column][\/et_pb_row][\/et_pb_section][et_pb_section fb_built=\u00a0\u00bb1&Prime; _builder_version=\u00a0\u00bb3.8.1&Prime; custom_padding=\u00a0\u00bb0|0px|54px|0px|false|false\u00a0\u00bb][et_pb_row _builder_version=\u00a0\u00bb3.8.1&Prime;][et_pb_column type=\u00a0\u00bb4_4&Prime; _builder_version=\u00a0\u00bb3.8.1&Prime; parallax=\u00a0\u00bboff\u00a0\u00bb parallax_method=\u00a0\u00bbon\u00a0\u00bb][et_pb_text _builder_version=\u00a0\u00bb3.8.1&Prime;]<\/p>\n<p><strong>L&rsquo;ESCAPADE ZEN<br \/><\/strong><\/p>\n<p><strong>3 boulevard Docteur Jules Pouget, 62520 LE TOUQUET PARIS PLAGE<\/strong><\/p>\n<p>[\/et_pb_text][et_pb_map address=\u00a0\u00bb1 Rue d&rsquo;Etaples, 62520 Le Touquet-Paris-Plage, France\u00a0\u00bb zoom_level=\u00a0\u00bb15&Prime; address_lat=\u00a0\u00bb50.5265754&Prime; address_lng=\u00a0\u00bb1.5835264&Prime; _builder_version=\u00a0\u00bb3.8.1&Prime;][et_pb_map_pin pin_address=\u00a0\u00bb3 Boulevard du Dr Jules Pouget, 62520 Le Touquet-Paris-Plage, France\u00a0\u00bb pin_address_lat=\u00a0\u00bb50.5275534&Prime; pin_address_lng=\u00a0\u00bb1.5846577&Prime; _builder_version=\u00a0\u00bb3.8.1&Prime;][\/et_pb_map_pin][\/et_pb_map][\/et_pb_column][\/et_pb_row][\/et_pb_section]<\/p>\n","protected":false},"excerpt":{"rendered":"<p>[et_pb_section fb_built=\u00a0\u00bb1&Prime; admin_label=\u00a0\u00bbHeader\u00a0\u00bb _builder_version=\u00a0\u00bb3.8.1&Prime; use_background_color_gradient=\u00a0\u00bbon\u00a0\u00bb background_color_gradient_start=\u00a0\u00bbrgba(255,255,255,0.89)\u00a0\u00bb background_color_gradient_end=\u00a0\u00bbrgba(255,255,255,0)\u00a0\u00bb background_color_gradient_type=\u00a0\u00bbradial\u00a0\u00bb background_color_gradient_direction_radial=\u00a0\u00bbtop left\u00a0\u00bb background_color_gradient_start_position=\u00a0\u00bb30%\u00a0\u00bb background_color_gradient_end_position=\u00a0\u00bb80%\u00a0\u00bb background_color_gradient_overlays_image=\u00a0\u00bbon\u00a0\u00bb background_image=\u00a0\u00bbhttp:\/\/location-le-touquet.fr\/wp-content\/uploads\/2020\/03\/grand-bleu-2-scaled.jpeg\u00a0\u00bb custom_margin=\u00a0\u00bb|||\u00a0\u00bb custom_padding=\u00a0\u00bb8vw||8vw||true\u00a0\u00bb][et_pb_row _builder_version=\u00a0\u00bb3.13&Prime;][et_pb_column type=\u00a0\u00bb4_4&Prime; _builder_version=\u00a0\u00bb3.12.2&Prime; parallax=\u00a0\u00bboff\u00a0\u00bb parallax_method=\u00a0\u00bbon\u00a0\u00bb][et_pb_text _builder_version=\u00a0\u00bb3.8.1&Prime; text_font=\u00a0\u00bb||||||||\u00a0\u00bb header_font=\u00a0\u00bbRaleway|700|||||||\u00a0\u00bb header_font_size=\u00a0\u00bb80px\u00a0\u00bb header_font_size_tablet=\u00a0\u00bb48px\u00a0\u00bb header_font_size_phone=\u00a0\u00bb32px\u00a0\u00bb header_font_size_last_edited=\u00a0\u00bbon|phone\u00a0\u00bb header_line_height=\u00a0\u00bb1.2em\u00a0\u00bb header_5_font=\u00a0\u00bbRaleway|700||on|||||\u00a0\u00bb header_5_text_color=\u00a0\u00bb#000000&Prime; header_5_font_size=\u00a0\u00bb20px\u00a0\u00bb header_5_font_size_tablet=\u00a0\u00bb14px\u00a0\u00bb header_5_font_size_phone=\u00a0\u00bb12px\u00a0\u00bb header_5_font_size_last_edited=\u00a0\u00bbon|desktop\u00a0\u00bb header_5_letter_spacing=\u00a0\u00bb0.5em\u00a0\u00bb header_5_line_height=\u00a0\u00bb1.8em\u00a0\u00bb animation_style=\u00a0\u00bbzoom\u00a0\u00bb animation_intensity_zoom=\u00a0\u00bb5%\u00a0\u00bb] LE TOUQUET PARIS PLAGE Localisation [\/et_pb_text][\/et_pb_column][\/et_pb_row][\/et_pb_section][et_pb_section fb_built=\u00a0\u00bb1&Prime; _builder_version=\u00a0\u00bb3.8.1&Prime; custom_padding=\u00a0\u00bb54px|0px|0|0px|false|false\u00a0\u00bb][et_pb_row _builder_version=\u00a0\u00bb3.8.1&Prime;][et_pb_column type=\u00a0\u00bb4_4&Prime; _builder_version=\u00a0\u00bb3.8.1&Prime; parallax=\u00a0\u00bboff\u00a0\u00bb parallax_method=\u00a0\u00bbon\u00a0\u00bb][et_pb_text _builder_version=\u00a0\u00bb3.8.1&Prime;] Situ\u00e9e [&hellip;]<\/p>\n","protected":false},"author":1,"featured_media":0,"parent":0,"menu_order":0,"comment_status":"closed","ping_status":"closed","template":"","meta":{"footnotes":""},"yoast_head":"<!-- This site is optimized with the Yoast SEO plugin v22.1 - https:\/\/yoast.com\/wordpress\/plugins\/seo\/ -->\n<title>LE TOUQUET - Les locations d&#039;Emilie &amp; Jean-Christophe<\/title>\n<meta name=\"robots\" content=\"index, follow, max-snippet:-1, max-image-preview:large, max-video-preview:-1\" \/>\n<link rel=\"canonical\" href=\"https:\/\/location-le-touquet.fr\/index.php\/le-touquet-2\/\" \/>\n<meta property=\"og:locale\" content=\"fr_FR\" \/>\n<meta property=\"og:type\" content=\"article\" \/>\n<meta property=\"og:title\" content=\"LE TOUQUET - Les locations d&#039;Emilie &amp; Jean-Christophe\" \/>\n<meta property=\"og:description\" content=\"[et_pb_section fb_built=\u00a0\u00bb1&Prime; admin_label=\u00a0\u00bbHeader\u00a0\u00bb _builder_version=\u00a0\u00bb3.8.1&Prime; use_background_color_gradient=\u00a0\u00bbon\u00a0\u00bb background_color_gradient_start=\u00a0\u00bbrgba(255,255,255,0.89)\u00a0\u00bb background_color_gradient_end=\u00a0\u00bbrgba(255,255,255,0)\u00a0\u00bb background_color_gradient_type=\u00a0\u00bbradial\u00a0\u00bb background_color_gradient_direction_radial=\u00a0\u00bbtop left\u00a0\u00bb background_color_gradient_start_position=\u00a0\u00bb30%\u00a0\u00bb background_color_gradient_end_position=\u00a0\u00bb80%\u00a0\u00bb background_color_gradient_overlays_image=\u00a0\u00bbon\u00a0\u00bb background_image=\u00a0\u00bbhttp:\/\/location-le-touquet.fr\/wp-content\/uploads\/2020\/03\/grand-bleu-2-scaled.jpeg\u00a0\u00bb custom_margin=\u00a0\u00bb|||\u00a0\u00bb custom_padding=\u00a0\u00bb8vw||8vw||true\u00a0\u00bb][et_pb_row _builder_version=\u00a0\u00bb3.13&Prime;][et_pb_column type=\u00a0\u00bb4_4&Prime; _builder_version=\u00a0\u00bb3.12.2&Prime; parallax=\u00a0\u00bboff\u00a0\u00bb parallax_method=\u00a0\u00bbon\u00a0\u00bb][et_pb_text _builder_version=\u00a0\u00bb3.8.1&Prime; text_font=\u00a0\u00bb||||||||\u00a0\u00bb header_font=\u00a0\u00bbRaleway|700|||||||\u00a0\u00bb header_font_size=\u00a0\u00bb80px\u00a0\u00bb header_font_size_tablet=\u00a0\u00bb48px\u00a0\u00bb header_font_size_phone=\u00a0\u00bb32px\u00a0\u00bb header_font_size_last_edited=\u00a0\u00bbon|phone\u00a0\u00bb header_line_height=\u00a0\u00bb1.2em\u00a0\u00bb header_5_font=\u00a0\u00bbRaleway|700||on|||||\u00a0\u00bb header_5_text_color=\u00a0\u00bb#000000&Prime; header_5_font_size=\u00a0\u00bb20px\u00a0\u00bb header_5_font_size_tablet=\u00a0\u00bb14px\u00a0\u00bb header_5_font_size_phone=\u00a0\u00bb12px\u00a0\u00bb header_5_font_size_last_edited=\u00a0\u00bbon|desktop\u00a0\u00bb header_5_letter_spacing=\u00a0\u00bb0.5em\u00a0\u00bb header_5_line_height=\u00a0\u00bb1.8em\u00a0\u00bb animation_style=\u00a0\u00bbzoom\u00a0\u00bb animation_intensity_zoom=\u00a0\u00bb5%\u00a0\u00bb] LE TOUQUET PARIS PLAGE Localisation [\/et_pb_text][\/et_pb_column][\/et_pb_row][\/et_pb_section][et_pb_section fb_built=\u00a0\u00bb1&Prime; _builder_version=\u00a0\u00bb3.8.1&Prime; custom_padding=\u00a0\u00bb54px|0px|0|0px|false|false\u00a0\u00bb][et_pb_row _builder_version=\u00a0\u00bb3.8.1&Prime;][et_pb_column type=\u00a0\u00bb4_4&Prime; _builder_version=\u00a0\u00bb3.8.1&Prime; parallax=\u00a0\u00bboff\u00a0\u00bb parallax_method=\u00a0\u00bbon\u00a0\u00bb][et_pb_text _builder_version=\u00a0\u00bb3.8.1&Prime;] Situ\u00e9e [&hellip;]\" \/>\n<meta property=\"og:url\" content=\"https:\/\/location-le-touquet.fr\/index.php\/le-touquet-2\/\" \/>\n<meta property=\"og:site_name\" content=\"Les locations d&#039;Emilie &amp; Jean-Christophe\" \/>\n<meta property=\"article:modified_time\" content=\"2021-10-17T19:07:58+00:00\" \/>\n<meta property=\"og:image\" content=\"https:\/\/location-le-touquet.fr\/wp-content\/uploads\/2018\/10\/cropped-bg-home4-2921461.jpg\" \/>\n\t<meta property=\"og:image:width\" content=\"512\" \/>\n\t<meta property=\"og:image:height\" content=\"512\" \/>\n\t<meta property=\"og:image:type\" content=\"image\/jpeg\" \/>\n<meta name=\"twitter:card\" content=\"summary_large_image\" \/>\n<meta name=\"twitter:label1\" content=\"Dur\u00e9e de lecture estim\u00e9e\" \/>\n\t<meta name=\"twitter:data1\" content=\"2 minutes\" \/>\n<script type=\"application\/ld+json\" class=\"yoast-schema-graph\">{\"@context\":\"https:\/\/schema.org\",\"@graph\":[{\"@type\":\"WebPage\",\"@id\":\"https:\/\/location-le-touquet.fr\/index.php\/le-touquet-2\/\",\"url\":\"https:\/\/location-le-touquet.fr\/index.php\/le-touquet-2\/\",\"name\":\"LE TOUQUET - Les locations d&#039;Emilie &amp; Jean-Christophe\",\"isPartOf\":{\"@id\":\"https:\/\/location-le-touquet.fr\/#website\"},\"datePublished\":\"2020-03-12T23:48:41+00:00\",\"dateModified\":\"2021-10-17T19:07:58+00:00\",\"breadcrumb\":{\"@id\":\"https:\/\/location-le-touquet.fr\/index.php\/le-touquet-2\/#breadcrumb\"},\"inLanguage\":\"fr-FR\",\"potentialAction\":[{\"@type\":\"ReadAction\",\"target\":[\"https:\/\/location-le-touquet.fr\/index.php\/le-touquet-2\/\"]}]},{\"@type\":\"BreadcrumbList\",\"@id\":\"https:\/\/location-le-touquet.fr\/index.php\/le-touquet-2\/#breadcrumb\",\"itemListElement\":[{\"@type\":\"ListItem\",\"position\":1,\"name\":\"Accueil\",\"item\":\"https:\/\/location-le-touquet.fr\/\"},{\"@type\":\"ListItem\",\"position\":2,\"name\":\"LE TOUQUET\"}]},{\"@type\":\"WebSite\",\"@id\":\"https:\/\/location-le-touquet.fr\/#website\",\"url\":\"https:\/\/location-le-touquet.fr\/\",\"name\":\"Les locations d&#039;Emilie &amp; Jean-Christophe\",\"description\":\"\",\"potentialAction\":[{\"@type\":\"SearchAction\",\"target\":{\"@type\":\"EntryPoint\",\"urlTemplate\":\"https:\/\/location-le-touquet.fr\/?s={search_term_string}\"},\"query-input\":\"required name=search_term_string\"}],\"inLanguage\":\"fr-FR\"}]}<\/script>\n<!-- \/ Yoast SEO plugin. -->","yoast_head_json":{"title":"LE TOUQUET - Les locations d&#039;Emilie &amp; Jean-Christophe","robots":{"index":"index","follow":"follow","max-snippet":"max-snippet:-1","max-image-preview":"max-image-preview:large","max-video-preview":"max-video-preview:-1"},"canonical":"https:\/\/location-le-touquet.fr\/index.php\/le-touquet-2\/","og_locale":"fr_FR","og_type":"article","og_title":"LE TOUQUET - Les locations d&#039;Emilie &amp; Jean-Christophe","og_description":"[et_pb_section fb_built=\u00a0\u00bb1&Prime; admin_label=\u00a0\u00bbHeader\u00a0\u00bb _builder_version=\u00a0\u00bb3.8.1&Prime; use_background_color_gradient=\u00a0\u00bbon\u00a0\u00bb background_color_gradient_start=\u00a0\u00bbrgba(255,255,255,0.89)\u00a0\u00bb background_color_gradient_end=\u00a0\u00bbrgba(255,255,255,0)\u00a0\u00bb background_color_gradient_type=\u00a0\u00bbradial\u00a0\u00bb background_color_gradient_direction_radial=\u00a0\u00bbtop left\u00a0\u00bb background_color_gradient_start_position=\u00a0\u00bb30%\u00a0\u00bb background_color_gradient_end_position=\u00a0\u00bb80%\u00a0\u00bb background_color_gradient_overlays_image=\u00a0\u00bbon\u00a0\u00bb background_image=\u00a0\u00bbhttp:\/\/location-le-touquet.fr\/wp-content\/uploads\/2020\/03\/grand-bleu-2-scaled.jpeg\u00a0\u00bb custom_margin=\u00a0\u00bb|||\u00a0\u00bb custom_padding=\u00a0\u00bb8vw||8vw||true\u00a0\u00bb][et_pb_row _builder_version=\u00a0\u00bb3.13&Prime;][et_pb_column type=\u00a0\u00bb4_4&Prime; _builder_version=\u00a0\u00bb3.12.2&Prime; parallax=\u00a0\u00bboff\u00a0\u00bb parallax_method=\u00a0\u00bbon\u00a0\u00bb][et_pb_text _builder_version=\u00a0\u00bb3.8.1&Prime; text_font=\u00a0\u00bb||||||||\u00a0\u00bb header_font=\u00a0\u00bbRaleway|700|||||||\u00a0\u00bb header_font_size=\u00a0\u00bb80px\u00a0\u00bb header_font_size_tablet=\u00a0\u00bb48px\u00a0\u00bb header_font_size_phone=\u00a0\u00bb32px\u00a0\u00bb header_font_size_last_edited=\u00a0\u00bbon|phone\u00a0\u00bb header_line_height=\u00a0\u00bb1.2em\u00a0\u00bb header_5_font=\u00a0\u00bbRaleway|700||on|||||\u00a0\u00bb header_5_text_color=\u00a0\u00bb#000000&Prime; header_5_font_size=\u00a0\u00bb20px\u00a0\u00bb header_5_font_size_tablet=\u00a0\u00bb14px\u00a0\u00bb header_5_font_size_phone=\u00a0\u00bb12px\u00a0\u00bb header_5_font_size_last_edited=\u00a0\u00bbon|desktop\u00a0\u00bb header_5_letter_spacing=\u00a0\u00bb0.5em\u00a0\u00bb header_5_line_height=\u00a0\u00bb1.8em\u00a0\u00bb animation_style=\u00a0\u00bbzoom\u00a0\u00bb animation_intensity_zoom=\u00a0\u00bb5%\u00a0\u00bb] LE TOUQUET PARIS PLAGE Localisation [\/et_pb_text][\/et_pb_column][\/et_pb_row][\/et_pb_section][et_pb_section fb_built=\u00a0\u00bb1&Prime; _builder_version=\u00a0\u00bb3.8.1&Prime; custom_padding=\u00a0\u00bb54px|0px|0|0px|false|false\u00a0\u00bb][et_pb_row _builder_version=\u00a0\u00bb3.8.1&Prime;][et_pb_column type=\u00a0\u00bb4_4&Prime; _builder_version=\u00a0\u00bb3.8.1&Prime; parallax=\u00a0\u00bboff\u00a0\u00bb parallax_method=\u00a0\u00bbon\u00a0\u00bb][et_pb_text _builder_version=\u00a0\u00bb3.8.1&Prime;] Situ\u00e9e [&hellip;]","og_url":"https:\/\/location-le-touquet.fr\/index.php\/le-touquet-2\/","og_site_name":"Les locations d&#039;Emilie &amp; Jean-Christophe","article_modified_time":"2021-10-17T19:07:58+00:00","og_image":[{"width":512,"height":512,"url":"https:\/\/location-le-touquet.fr\/wp-content\/uploads\/2018\/10\/cropped-bg-home4-2921461.jpg","type":"image\/jpeg"}],"twitter_card":"summary_large_image","twitter_misc":{"Dur\u00e9e de lecture estim\u00e9e":"2 minutes"},"schema":{"@context":"https:\/\/schema.org","@graph":[{"@type":"WebPage","@id":"https:\/\/location-le-touquet.fr\/index.php\/le-touquet-2\/","url":"https:\/\/location-le-touquet.fr\/index.php\/le-touquet-2\/","name":"LE TOUQUET - Les locations d&#039;Emilie &amp; Jean-Christophe","isPartOf":{"@id":"https:\/\/location-le-touquet.fr\/#website"},"datePublished":"2020-03-12T23:48:41+00:00","dateModified":"2021-10-17T19:07:58+00:00","breadcrumb":{"@id":"https:\/\/location-le-touquet.fr\/index.php\/le-touquet-2\/#breadcrumb"},"inLanguage":"fr-FR","potentialAction":[{"@type":"ReadAction","target":["https:\/\/location-le-touquet.fr\/index.php\/le-touquet-2\/"]}]},{"@type":"BreadcrumbList","@id":"https:\/\/location-le-touquet.fr\/index.php\/le-touquet-2\/#breadcrumb","itemListElement":[{"@type":"ListItem","position":1,"name":"Accueil","item":"https:\/\/location-le-touquet.fr\/"},{"@type":"ListItem","position":2,"name":"LE TOUQUET"}]},{"@type":"WebSite","@id":"https:\/\/location-le-touquet.fr\/#website","url":"https:\/\/location-le-touquet.fr\/","name":"Les locations d&#039;Emilie &amp; Jean-Christophe","description":"","potentialAction":[{"@type":"SearchAction","target":{"@type":"EntryPoint","urlTemplate":"https:\/\/location-le-touquet.fr\/?s={search_term_string}"},"query-input":"required name=search_term_string"}],"inLanguage":"fr-FR"}]}},"_links":{"self":[{"href":"https:\/\/location-le-touquet.fr\/index.php\/wp-json\/wp\/v2\/pages\/766"}],"collection":[{"href":"https:\/\/location-le-touquet.fr\/index.php\/wp-json\/wp\/v2\/pages"}],"about":[{"href":"https:\/\/location-le-touquet.fr\/index.php\/wp-json\/wp\/v2\/types\/page"}],"author":[{"embeddable":true,"href":"https:\/\/location-le-touquet.fr\/index.php\/wp-json\/wp\/v2\/users\/1"}],"replies":[{"embeddable":true,"href":"https:\/\/location-le-touquet.fr\/index.php\/wp-json\/wp\/v2\/comments?post=766"}],"version-history":[{"count":12,"href":"https:\/\/location-le-touquet.fr\/index.php\/wp-json\/wp\/v2\/pages\/766\/revisions"}],"predecessor-version":[{"id":1020,"href":"https:\/\/location-le-touquet.fr\/index.php\/wp-json\/wp\/v2\/pages\/766\/revisions\/1020"}],"wp:attachment":[{"href":"https:\/\/location-le-touquet.fr\/index.php\/wp-json\/wp\/v2\/media?parent=766"}],"curies":[{"name":"wp","href":"https:\/\/api.w.org\/{rel}","templated":true}]}}